{"id":396,"date":"2023-07-25T10:05:20","date_gmt":"2023-07-25T08:05:20","guid":{"rendered":"http:\/\/carrecouleur.com\/?page_id=396"},"modified":"2023-08-24T16:42:45","modified_gmt":"2023-08-24T14:42:45","slug":"formation","status":"publish","type":"page","link":"https:\/\/carrecouleur.com\/?page_id=396","title":{"rendered":"Formations"},"content":{"rendered":"<div id='fullscreen_slider_1'  class='avia-fullscreen-slider main_color   avia-builder-el-0  el_before_av_section  avia-builder-el-first   container_wrap sidebar_right' style=' '  ><a href='#next-section' title='' class='scroll-down-link av-control-default' aria-hidden='true' data-av_icon='\ue877' data-av_iconfont='entypo-fontello'><\/a><div   data-size='no scaling'  data-lightbox_size='large'  data-animation='slide'  data-conditional_play=''  data-ids='403,400,401'  data-video_counter='0'  data-autoplay='true'  data-bg_slider='true'  data-slide_height='100'  data-handle='av_fullscreen'  data-interval='3'  data-class=' '  data-el_id=''  data-css_id='fullscreen_slider_1'  data-scroll_down='aviaTBscroll_down'  data-control_layout='av-control-default'  data-custom_markup=''  data-perma_caption='aviaTBperma_caption'  data-autoplay_stopper=''  data-image_attachment=''  data-min_height='0px'  data-lazy_loading='disabled'  data-stretch=''  class='avia-slideshow avia-slideshow-1 av-slider-scroll-down-active av-control-default av-default-height-applied avia-slideshow-no scaling av_fullscreen   avia-slide-slider '  itemprop=\"image\" itemscope=\"itemscope\" itemtype=\"https:\/\/schema.org\/ImageObject\" ><ul class='avia-slideshow-inner ' style='padding-bottom: 66.666666666667%;' ><li style='background-position:top left;' data-img-url='https:\/\/carrecouleur.com\/wp-content\/uploads\/2023\/07\/camera-at-press-conference-RCG9U27-scaled-e1586966580569.webp' class=' slide-1 ' ><div data-rel='slideshow-1' class='avia-slide-wrap '   ><\/div><\/li><li style='background-position:center center;' data-img-url='https:\/\/carrecouleur.com\/wp-content\/uploads\/2023\/07\/formation-photographie-1024x427-1.jpg' class=' slide-2 ' ><div data-rel='slideshow-1' class='avia-slide-wrap '   ><\/div><\/li><li style='background-position:center center;' data-img-url='https:\/\/carrecouleur.com\/wp-content\/uploads\/2023\/07\/photographe.jpg' class=' slide-3 ' ><div data-rel='slideshow-1' class='avia-slide-wrap '   ><\/div><\/li><\/ul><div class='avia-slideshow-arrows avia-slideshow-controls'><a href='#prev' tabindex='-1' class='prev-slide' aria-hidden='true' data-av_icon='\ue87c' data-av_iconfont='entypo-fontello'>Pr\u00e9c\u00e9dent<\/a><a href='#next' tabindex='-1' class='next-slide' aria-hidden='true' data-av_icon='\ue87d' data-av_iconfont='entypo-fontello'>Suivant<\/a><\/div><div class='avia-slideshow-dots avia-slideshow-controls'><a href='#1' class='goto-slide active' >1<\/a><a href='#2' class='goto-slide ' >2<\/a><a href='#3' class='goto-slide ' >3<\/a><\/div><div class = \"caption_fullwidth av-slideshow-caption caption_left caption_left_framed caption_framed\"><div class = \"container caption_container\"><div class = \"slideshow_caption\"><div class = \"slideshow_inner_caption\"><div class = \"slideshow_align_caption\"><h2  style='font-size:30px; color:#dd003b; ' class='avia-caption-title  '  itemprop=\"name\" >Bienvenue <br \/>Chez CARRE COULEUR<\/h2><div class='avia-caption-content  av_inherit_color'  itemprop=\"description\"   style='font-size:22px; '><p>Formation photo &#038; vid\u00e9o<br \/>\n5 Rue Servient<br \/>\n69003 Lyon<br \/>\n04 78 95 12 86<\/p>\n<\/div><a href='' target=\"_blank\" rel=\"noopener noreferrer\" class='avia-slideshow-button avia-button avia-color-light ' data-duration='800' data-easing='easeInOutQuad'>RDV Formation<\/a><\/div><\/div><\/div><\/div><\/div><\/div><\/div>\n<div id='av_section_1'  class='avia-section main_color avia-section-default avia-no-border-styling  avia-bg-style-scroll  avia-builder-el-1  el_after_av_fullscreen  el_before_av_section   container_wrap sidebar_right' style=' '  ><div class='container' ><div class='template-page content  av-content-small alpha units'><div class='post-entry post-entry-type-page post-entry-396'><div class='entry-content-wrapper clearfix'>\n<section class=\"av_textblock_section \"  itemscope=\"itemscope\" itemtype=\"https:\/\/schema.org\/CreativeWork\" ><div class='avia_textblock  av_inherit_color '  style='font-size:15px; color:#000000; '  itemprop=\"text\" ><p style=\"text-align: center;\"><strong>Notre acad\u00e9mie Carr\u00e9 Couleur dispose d&rsquo;un num\u00e9ro d&rsquo;agr\u00e9ment pour nos formations.<\/strong><br \/>\nTous nos intervenants sont des professionnels de l&rsquo;image avec une exp\u00e9rience de terrain.<br \/>\nLe prix des formations sont \u00e9tablie sur la base de 3 personnes.<\/p>\n<p style=\"text-align: center;\">\n<\/div><\/section>\n<div  style=' margin-top:30px; margin-bottom:30px;'  class='hr hr-custom hr-center hr-icon-no   avia-builder-el-3  el_after_av_textblock  el_before_av_image '><span class='hr-inner  inner-border-av-border-fat' style=' width:500px; border-color:#cc1236;' ><span class='hr-inner-style'><\/span><\/span><\/div>\n<div  class='avia-image-container  av-styling-    avia-builder-el-4  el_after_av_hr  el_before_av_textblock  avia-align-center '  itemprop=\"image\" itemscope=\"itemscope\" itemtype=\"https:\/\/schema.org\/ImageObject\"  ><div class='avia-image-container-inner'><div class='avia-image-overlay-wrap'><img decoding=\"async\" class='wp-image-460 avia-img-lazy-loading-not-460 avia_image' src=\"https:\/\/carrecouleur.com\/wp-content\/uploads\/2023\/07\/367C23D67C104019B81247EBDEEECD96.png\" alt='' title='367C23D67C104019B81247EBDEEECD96' height=\"151\" width=\"600\"  itemprop=\"thumbnailUrl\" srcset=\"https:\/\/carrecouleur.com\/wp-content\/uploads\/2023\/07\/367C23D67C104019B81247EBDEEECD96.png 600w, https:\/\/carrecouleur.com\/wp-content\/uploads\/2023\/07\/367C23D67C104019B81247EBDEEECD96-300x76.png 300w\" sizes=\"(max-width: 600px) 100vw, 600px\" \/><\/div><\/div><\/div>\n<section class=\"av_textblock_section \"  itemscope=\"itemscope\" itemtype=\"https:\/\/schema.org\/CreativeWork\" ><div class='avia_textblock  av_inherit_color '  style='font-size:15px; color:#000000; '  itemprop=\"text\" ><h3 style=\"text-align: center;\">\u00a0 <strong>Photographe de presse et de magazines &#8211; Portraitiste noir et blanc &#8211; Photographe de mode \u00ab\u00a0chez point de vue\u00a0\u00bb &#8211; Graphiste publicitaire &#8211; Formateur et ma\u00eetre de stage<\/strong><\/h3>\n<p style=\"text-align: center;\"><strong>R\u00e9glages de l\u2019appareil photo<\/strong><br \/>\nCarte m\u00e9moire &#8211; Taille et qualit\u00e9 de l\u2019image &#8211; Autofocus AF-S ou One Shot AFC ou AI SERVO MF ou M &#8211; Balance des blancs WB etc..- Mesure matricielle, pond\u00e9r\u00e9e, spot centrale&#8230;.<\/p>\n<p style=\"text-align: center;\"><strong>Le r\u00e9glage des sensibilit\u00e9s<\/strong><br \/>\niso norme internationale &#8211;\u00a0le grain \/ le bruit<\/p>\n<p style=\"text-align: center;\"><strong>Les differents modes<\/strong><br \/>\n(M, Av ou A, Tv ou s, Progr\u2026)<\/p>\n<p style=\"text-align: center;\"><strong>Ouverture et profondeur de champ<\/strong><br \/>\nDiaphragme &#8211; vitesse &#8211; obturation &#8211; les 3 valeurs (iso, diaph, vitesse)<\/p>\n<p style=\"text-align: center;\"><strong>Mesure de la lumi\u00e8re<\/strong><br \/>\nMatricielle \u2013 pond\u00e9r\u00e9 \u2013 Spot central<\/p>\n<p style=\"text-align: center;\"><strong>Les fichiers RAW et les fichiers JPG \u2013 Tiff<br \/>\n<\/strong>N\u00e9gatif num\u00e9rique<\/p>\n<p style=\"text-align: center;\"><strong>Composition d\u2019une photo<\/strong><\/p>\n<p style=\"text-align: center;\"><strong>La pose longue : utilisation filtre gris neutre<\/strong><\/p>\n<p style=\"text-align: center;\"><strong>Le bracketing \/ HDR<\/strong><\/p>\n<p style=\"text-align: center;\"><strong>Initiation de la photo au flash<\/strong><\/p>\n<p style=\"text-align: center;\"><em>Chaque participant dispose d\u2019un appareil photo de type Hybride, 24&#215;36 etc\u2026 et le manuel si possible, avec batterie charg\u00e9e, carte m\u00e9moire, bloc note et de sa bonne humeur.<\/em><\/p>\n<div>\n<p class=\"body\" style=\"text-align: center;\"><span class=\"c-1\"><b><u>Dur\u00e9e<\/u><\/b><\/span><span class=\"c-2\"><b>:\u00a0<\/b><\/span><span class=\"c-3\">3 heures<\/span><\/p>\n<\/div>\n<div style=\"text-align: center;\">\n<p class=\"body\"><span class=\"c-1\"><b><u>PROGRAMME <\/u><\/b><\/span><span class=\"c-1\"><b><u>Prix<\/u><\/b><\/span><span class=\"c-2\"><b>: 34<\/b><\/span><span class=\"c-3\">0 \u20ac TTC<\/span><\/p>\n<\/div>\n<div style=\"text-align: center;\">\n<p class=\"body\"><span class=\"c-1\"><b><u>Intervenant<\/u><\/b><\/span><span class=\"c-3\"> : Fabrice MARTIN \/ <\/span>Horaires: A partir de 14H pour 3H de formations<\/p>\n<\/div>\n<p style=\"text-align: center;\">\n<\/div><\/section>\n<div  class='avia-button-wrap avia-button-center  avia-builder-el-6  el_after_av_textblock  avia-builder-el-last ' ><a href='' class='avia-button   avia-icon_select-yes-left-icon avia-size-large avia-position-center ' target=\"_blank\" rel=\"noopener noreferrer\" style='background-color:#d8292f; border-color:#d8292f; color:#ffffff; '><span class='avia_button_icon avia_button_icon_left ' aria-hidden='true' data-av_icon='\ue80f' data-av_iconfont='entypo-fontello'><\/span><span class='avia_iconbox_title' >Prendre RDV<\/span><\/a><\/div>\n<\/div><\/div><\/div><!-- close content main div --><\/div><\/div><div id='av_section_2'  class='avia-section main_color avia-section-default avia-no-border-styling  avia-bg-style-scroll  avia-builder-el-7  el_after_av_section  el_before_av_section   container_wrap sidebar_right' style=' '  ><div class='container' ><div class='template-page content  av-content-small alpha units'><div class='post-entry post-entry-type-page post-entry-396'><div class='entry-content-wrapper clearfix'>\n<div  style='padding-bottom:30px; color:#cc1236;' class='av-special-heading av-special-heading-h3 custom-color-heading blockquote modern-quote modern-centered  avia-builder-el-8  el_before_av_one_third  avia-builder-el-first  '><h3 class='av-special-heading-tag '  itemprop=\"headline\"  >FORMATION PHOTO<\/h3><div class='special-heading-border'><div class='special-heading-inner-border' style='border-color:#cc1236'><\/div><\/div><\/div>\n<div class=\"flex_column av_one_third  flex_column_div av-zero-column-padding first  avia-builder-el-9  el_after_av_heading  el_before_av_two_third  \" style='border-radius:0px; '><p><div  style='padding-bottom:10px; color:#cc1236;' class='av-special-heading av-special-heading-h3 custom-color-heading   avia-builder-el-10  el_before_av_textblock  avia-builder-el-first  '><h3 class='av-special-heading-tag '  itemprop=\"headline\"  >FORMATEUR Andreas Stenger<\/h3><div class='special-heading-border'><div class='special-heading-inner-border' style='border-color:#cc1236'><\/div><\/div><\/div><br \/>\n<section class=\"av_textblock_section \"  itemscope=\"itemscope\" itemtype=\"https:\/\/schema.org\/CreativeWork\" ><div class='avia_textblock  av_inherit_color '  style='font-size:15px; color:#000000; '  itemprop=\"text\" ><p style=\"text-align: right;\"><strong><u>Cours\u00a0Logiciels\u00a0:<\/u><\/strong><\/p>\n<p style=\"text-align: right;\">Lightroom : Initiation de base.\u00a0 Acquisition des images et d\u00e9veloppement. Fonctions des diff\u00e9rents modules. Import et export images. Interactions Lightroom et Photoshop. Travail sur fichier RAW.<br \/>\nPrix\u00a0: 320 Euros 3 personnes max<\/p>\n<p style=\"text-align: right;\">Photoshop\u00a0:\u00a0 Initiation de base. Fonctionnement de la structure et compr\u00e9hension des calques.<br \/>\nPrix\u00a0: 320 Euros 3 personnes max<\/p>\n<p style=\"text-align: right;\"><strong><u>Cours Prise de Vue\u00a0: <\/u><\/strong><\/p>\n<p style=\"text-align: right;\"><u>Portraits<br \/>\n<\/u>Diff\u00e9rentes sources d\u2019\u00e9clairages. De 1 \u00e0 4 sources flash &#8211; Comment comprendre les ombres et les lumi\u00e8res &#8211; Apprendre comment poser et travailler avec votre sujet &#8211; Comment cr\u00e9er une ambiance soft ou plus dramatique &#8211; M\u00e9thodes d\u2019\u00e9clairages avec un grand panel d\u2019accessoires &#8211; Du softbox au para.<br \/>\nPrix\u00a0: 450 euros 3 personnes max<\/p>\n<p style=\"text-align: right;\"><u>Photographie de produits\u00a0: les bases<br \/>\n<\/u>Les bases de la photographie de produit &#8211; Boitiers et objectifs &#8211; \u00c9quipement recommand\u00e9 &#8211; Espace studio et comment le faire fonctionner &#8211; Travailler avec des calques et pourquoi &#8211; Pourquoi travailler en connecter<br \/>\nPrix\u00a0: 400 euros 3 personnes max<\/p>\n<p style=\"text-align: right;\"><u>Prises de vue simple packshots<br \/>\n<\/u>Cr\u00e9er un fond blanc &#8211; Quel \u00e9quipement -Diff\u00e9rentes techniques selon produit &#8211; Brillance etc\u2026.<br \/>\nPrix\u00a0: 400 euros 3 personnes max<\/p>\n<p style=\"text-align: right;\"><u>Prises de vue avec mise en sc\u00e8ne<br \/>\n<\/u>Bouteille &#8211; Cosm\u00e9tiques &#8211; Bijoux &#8211; Montre Etc\u2026..<br \/>\nComment travailler avec plusieurs flashs &#8211; Technique de lumi\u00e8re en d\u00e9grad\u00e9e &#8211; Contr\u00f4le des surfaces brillante &#8211; Cr\u00e9er une nettet\u00e9 parfaite Etc\u2026\u00a0;<br \/>\nPrix sur demande avec num\u00e9ro d\u2019agr\u00e9ment.<\/p>\n<p style=\"text-align: right;\"><u>Architecture et espace<br \/>\n<\/u>Quel \u00e9quipement et pourquoi &#8211; Maitrise entre lumi\u00e8re naturelle et flash &#8211; Contr\u00f4le entre hautes et basses lumi\u00e8res &#8211; Correction ligne<br \/>\nPrix\u00a0: 350 euros 3 personnes max<\/p>\n<p style=\"text-align: right;\"><a href=\"https:\/\/andreasstenger.com\">https:\/\/andreasstenger.com<\/a><\/p>\n<p style=\"text-align: right;\">\n<\/div><\/section><\/p><\/div><div class=\"flex_column av_two_third  flex_column_div av-zero-column-padding   avia-builder-el-12  el_after_av_one_third  avia-builder-el-last  \" style='border-radius:0px; '><div  class='avia-image-container  av-styling-    avia-builder-el-13  avia-builder-el-no-sibling  avia-align-center '  itemprop=\"image\" itemscope=\"itemscope\" itemtype=\"https:\/\/schema.org\/ImageObject\"  ><div class='avia-image-container-inner'><div class='avia-image-overlay-wrap'><img decoding=\"async\" class='wp-image-416 avia-img-lazy-loading-not-416 avia_image' src=\"https:\/\/carrecouleur.com\/wp-content\/uploads\/2023\/07\/Andreas-Stenger--687x1030.jpg\" alt='' title='Andreas-Stenger-' height=\"1030\" width=\"687\"  itemprop=\"thumbnailUrl\" srcset=\"https:\/\/carrecouleur.com\/wp-content\/uploads\/2023\/07\/Andreas-Stenger--687x1030.jpg 687w, https:\/\/carrecouleur.com\/wp-content\/uploads\/2023\/07\/Andreas-Stenger--200x300.jpg 200w, https:\/\/carrecouleur.com\/wp-content\/uploads\/2023\/07\/Andreas-Stenger--768x1152.jpg 768w, https:\/\/carrecouleur.com\/wp-content\/uploads\/2023\/07\/Andreas-Stenger--1024x1536.jpg 1024w, https:\/\/carrecouleur.com\/wp-content\/uploads\/2023\/07\/Andreas-Stenger--1000x1500.jpg 1000w, https:\/\/carrecouleur.com\/wp-content\/uploads\/2023\/07\/Andreas-Stenger--470x705.jpg 470w, https:\/\/carrecouleur.com\/wp-content\/uploads\/2023\/07\/Andreas-Stenger-.jpg 1280w\" sizes=\"(max-width: 687px) 100vw, 687px\" \/><\/div><\/div><\/div><\/div>\n<\/p>\n<\/div><\/div><\/div><!-- close content main div --><\/div><\/div><div id='av_section_3'  class='avia-section main_color avia-section-default avia-no-border-styling  avia-bg-style-scroll  avia-builder-el-14  el_after_av_section  el_before_av_layout_row   container_wrap sidebar_right' style=' '  ><div class='container' ><div class='template-page content  av-content-small alpha units'><div class='post-entry post-entry-type-page post-entry-396'><div class='entry-content-wrapper clearfix'>\n<div  style='padding-bottom:30px; color:#cc1236;' class='av-special-heading av-special-heading-h3 custom-color-heading blockquote modern-quote modern-centered  avia-builder-el-15  el_before_av_two_third  avia-builder-el-first  '><h3 class='av-special-heading-tag '  itemprop=\"headline\"  >FORMATION VIDEO<\/h3><div class='special-heading-border'><div class='special-heading-inner-border' style='border-color:#cc1236'><\/div><\/div><\/div>\n<div class=\"flex_column av_two_third  flex_column_div av-zero-column-padding first  avia-builder-el-16  el_after_av_heading  el_before_av_one_third  \" style='border-radius:0px; '><div  class='avia-image-container  av-styling-    avia-builder-el-17  avia-builder-el-no-sibling  avia-align-center '  itemprop=\"image\" itemscope=\"itemscope\" itemtype=\"https:\/\/schema.org\/ImageObject\"  ><div class='avia-image-container-inner'><div class='avia-image-overlay-wrap'><img decoding=\"async\" class='wp-image-407 avia-img-lazy-loading-not-407 avia_image' src=\"https:\/\/carrecouleur.com\/wp-content\/uploads\/2023\/07\/Erol-basse-def-\u00a9-Tony-Noel-687x1030.jpg\" alt='' title='Erol basse def \u00a9 Tony Noel' height=\"1030\" width=\"687\"  itemprop=\"thumbnailUrl\" srcset=\"https:\/\/carrecouleur.com\/wp-content\/uploads\/2023\/07\/Erol-basse-def-\u00a9-Tony-Noel-687x1030.jpg 687w, https:\/\/carrecouleur.com\/wp-content\/uploads\/2023\/07\/Erol-basse-def-\u00a9-Tony-Noel-200x300.jpg 200w, https:\/\/carrecouleur.com\/wp-content\/uploads\/2023\/07\/Erol-basse-def-\u00a9-Tony-Noel-768x1152.jpg 768w, https:\/\/carrecouleur.com\/wp-content\/uploads\/2023\/07\/Erol-basse-def-\u00a9-Tony-Noel-1024x1536.jpg 1024w, https:\/\/carrecouleur.com\/wp-content\/uploads\/2023\/07\/Erol-basse-def-\u00a9-Tony-Noel-1000x1500.jpg 1000w, https:\/\/carrecouleur.com\/wp-content\/uploads\/2023\/07\/Erol-basse-def-\u00a9-Tony-Noel-470x705.jpg 470w, https:\/\/carrecouleur.com\/wp-content\/uploads\/2023\/07\/Erol-basse-def-\u00a9-Tony-Noel.jpg 1280w\" sizes=\"(max-width: 687px) 100vw, 687px\" \/><\/div><\/div><\/div><\/div><div class=\"flex_column av_one_third  flex_column_div av-zero-column-padding   avia-builder-el-18  el_after_av_two_third  avia-builder-el-last  \" style='border-radius:0px; '><p><div  style='padding-bottom:10px; color:#cc1236;' class='av-special-heading av-special-heading-h3 custom-color-heading   avia-builder-el-19  el_before_av_textblock  avia-builder-el-first  '><h3 class='av-special-heading-tag '  itemprop=\"headline\"  >FORMATEUR Erol GUM<\/h3><div class='special-heading-border'><div class='special-heading-inner-border' style='border-color:#cc1236'><\/div><\/div><\/div><br \/>\n<section class=\"av_textblock_section \"  itemscope=\"itemscope\" itemtype=\"https:\/\/schema.org\/CreativeWork\" ><div class='avia_textblock  av_inherit_color '  style='font-size:15px; color:#000000; '  itemprop=\"text\" ><p><strong>Formation : R\u00e9aliser une vid\u00e9o professionnelle en autonomie<\/strong><br \/>\nCette formation vous permettra d\u2019acqu\u00e9rir les comp\u00e9tences n\u00e9cessaires \u00e0 la r\u00e9alisation d\u2019une vid\u00e9o professionnelle en totale autonomie.<br \/>\nNous commencerons par \u00e9tudier la d\u00e9finition des objectifs pour \u00e9laborer les m\u00e9thodes de travail correspondant \u00e0 vos besoins (storyboard, sc\u00e9nario, production, recherches, mat\u00e9riel, \u00e9quipe, etc)<br \/>\nToutes les bases seront abord\u00e9es pour r\u00e9gler le boitier avec les bonnes optiques en toutes circonstances (vitesse, ouverture, sensibilit\u00e9, profils, r\u00e9solutions, codecs, etc).<br \/>\nEt puisqu\u2019une vid\u00e9o n\u2019est rien sans un montage adapt\u00e9, nous finirons avec un aper\u00e7u des rudiments du montage.<\/p>\n<p><strong>Formation : Monter une vid\u00e9o professionnelle en autonomie avec Adobe Premiere Pro<\/strong><br \/>\nCette formation est destin\u00e9e \u00e0 vous rendre autonome dans le montage d\u2019une vid\u00e9o de A \u00e0 Z.<br \/>\nNous verrons comment organiser et s\u00e9curiser nos donn\u00e9es, puis comment les visionner et r\u00e9aliser une s\u00e9lection efficiente pour permettre un assemblage rapide et pertinent.<br \/>\nNous \u00e9tudierons la gestion de la colorim\u00e9trie et du son, primordiaux \u00e0 un rendu qualitatif.<br \/>\nEnfin nous \u00e9voquerons toutes les options d\u2019exports possibles (codecs, formats, r\u00e9glages) suivant les usages et destinations des vid\u00e9os.<\/p>\n<p style=\"text-align: center;\">\n<\/div><\/section><\/p><\/div><\/div><\/div><\/div><!-- close content main div --><\/div><\/div><div id='av-layout-grid-1'  class='av-layout-grid-container entry-content-wrapper main_color av-flex-cells     avia-builder-el-21  el_after_av_section  avia-builder-el-last  submenu-not-first container_wrap sidebar_right' style=' '  >\n<div class=\"flex_cell no_margin av_one_half  avia-builder-el-22  el_before_av_cell_one_half  avia-builder-el-first   \" ><div class='flex_cell_inner' ><\/div><\/div> <div class=\"flex_cell no_margin av_one_half  avia-builder-el-23  el_after_av_cell_one_half  avia-builder-el-last   \" ><div class='flex_cell_inner' ><\/div><\/div>\n<\/div><\/p>\n","protected":false},"excerpt":{"rendered":"","protected":false},"author":1,"featured_media":0,"parent":0,"menu_order":0,"comment_status":"closed","ping_status":"closed","template":"","meta":{"footnotes":""},"class_list":["post-396","page","type-page","status-publish","hentry"],"_links":{"self":[{"href":"https:\/\/carrecouleur.com\/index.php?rest_route=\/wp\/v2\/pages\/396","targetHints":{"allow":["GET"]}}],"collection":[{"href":"https:\/\/carrecouleur.com\/index.php?rest_route=\/wp\/v2\/pages"}],"about":[{"href":"https:\/\/carrecouleur.com\/index.php?rest_route=\/wp\/v2\/types\/page"}],"author":[{"embeddable":true,"href":"https:\/\/carrecouleur.com\/index.php?rest_route=\/wp\/v2\/users\/1"}],"replies":[{"embeddable":true,"href":"https:\/\/carrecouleur.com\/index.php?rest_route=%2Fwp%2Fv2%2Fcomments&post=396"}],"version-history":[{"count":28,"href":"https:\/\/carrecouleur.com\/index.php?rest_route=\/wp\/v2\/pages\/396\/revisions"}],"predecessor-version":[{"id":880,"href":"https:\/\/carrecouleur.com\/index.php?rest_route=\/wp\/v2\/pages\/396\/revisions\/880"}],"wp:attachment":[{"href":"https:\/\/carrecouleur.com\/index.php?rest_route=%2Fwp%2Fv2%2Fmedia&parent=396"}],"curies":[{"name":"wp","href":"https:\/\/api.w.org\/{rel}","templated":true}]}}